{"id":838,"date":"2023-09-01T09:58:51","date_gmt":"2023-09-01T07:58:51","guid":{"rendered":"https:\/\/padulasacra.it\/it\/?post_type=place&#038;p=838"},"modified":"2025-02-26T16:02:54","modified_gmt":"2025-02-26T15:02:54","slug":"battistero-paleocristiano-di-san-giovanni-in-fonte","status":"publish","type":"place","link":"https:\/\/padulasacra.it\/it\/luoghi\/battistero-paleocristiano-di-san-giovanni-in-fonte\/","title":{"rendered":"Battistero paleocristiano San Giovanni in fonte"},"content":{"rendered":"<p>Il battistero di San Giovanni in Fonte o battistero di Marcelliano \u00e8 uno dei pi\u00f9 antichi battisteri cristiani di tutto l&#8217;occidente. Fu chiamato cos\u00ec in onore di <strong>Papa Marcello<\/strong> che nel corso del suo breve pontificato (308-309) riprese il difficile programma di dare una organica sistemazione religiosa al territorio, interrotta dalla feroce persecuzione di Diocleziano. Papa Marcello nel quadro di una estensione dell&#8217;organizzazione della chiesa cattolica istitu\u00ec nuove diocesi, nomin\u00f2 altri vescovi e favor\u00ec la costruzione di un battistero per ogni diocesi.<\/p>\n<p>L&#8217;unicum di questo luogo \u00e8 rappresentato dal fatto che la <strong>vasca battesimale<\/strong>, anzich\u00e9 essere riempita artificialmente come di solito avveniva negli altri edifici, riceveva l&#8217;acqua in maniera naturale perch\u00e9 realizzata su una sorgente perenne, permettendo il battesimo per immersione. Questo rende il Battistero paleocristiano di San Giovanni in fonte unico nel mondo della cristianit\u00e0.<\/p>\n<p>L&#8217;edificio originario \u00e8 a pianta quadrata con arcate in mattoni e corrisponde all&#8217;ambiente in cui si trova la grande vasca battesimale fiancheggiata da due ambulacri, mentre le altre strutture, come la cappella ed il portico, sono di epoca posteriore. Nelle cuffie della cappella erano presenti gli affreschi dei 4 evangelisti traslati e custoditi nella Certosa di S. Lorenzo.<\/p>","protected":false},"excerpt":{"rendered":"<p>Il battistero di San Giovanni in Fonte o battistero di Marcelliano \u00e8 uno dei pi\u00f9 antichi battisteri cristiani di tutto l&#8217;occidente. Fu chiamato cos\u00ec in onore di Papa Marcello che nel corso del suo breve pontificato (308-309) riprese il difficile programma di dare una organica sistemazione religiosa al territorio, interrotta dalla feroce persecuzione di Diocleziano. [&hellip;]<\/p>\n","protected":false},"featured_media":0,"parent":0,"menu_order":20,"template":"","meta":{"_acf_changed":false},"acf":{"photo_gallery":{"gallery2":[[{"id":841,"title":"battistero_San_Giovanni_Padula4","caption":"","full_image_url":"https:\/\/padulasacra.it\/wp-content\/uploads\/2023\/08\/battistero_San_Giovanni_Padula4.jpeg","thumbnail_image_url":"https:\/\/padulasacra.it\/wp-content\/uploads\/2023\/08\/battistero_San_Giovanni_Padula4-250x250.jpeg","large_srcset":"https:\/\/padulasacra.it\/wp-content\/uploads\/2023\/08\/battistero_San_Giovanni_Padula4.jpeg 577w, https:\/\/padulasacra.it\/wp-content\/uploads\/2023\/08\/battistero_San_Giovanni_Padula4-254x450.jpeg 254w","medium_srcset":"https:\/\/padulasacra.it\/wp-content\/uploads\/2023\/08\/battistero_San_Giovanni_Padula4-254x450.jpeg 254w, https:\/\/padulasacra.it\/wp-content\/uploads\/2023\/08\/battistero_San_Giovanni_Padula4.jpeg 577w","media_details":{"width":577,"height":1024,"sizes":{"medium":{"file":"battistero_San_Giovanni_Padula4-254x450.jpeg","width":254,"height":450,"mime-type":"image\/jpeg","filesize":49028,"source_url":"https:\/\/padulasacra.it\/wp-content\/uploads\/2023\/08\/battistero_San_Giovanni_Padula4-254x450.jpeg"},"thumbnail":{"file":"battistero_San_Giovanni_Padula4-250x250.jpeg","width":250,"height":250,"mime-type":"image\/jpeg","filesize":26468,"source_url":"https:\/\/padulasacra.it\/wp-content\/uploads\/2023\/08\/battistero_San_Giovanni_Padula4-250x250.jpeg"}}},"alt_text":"","url":"","target":""},{"id":842,"title":"battistero_San_Giovanni_Padula3","caption":"","full_image_url":"https:\/\/padulasacra.it\/wp-content\/uploads\/2023\/08\/battistero_San_Giovanni_Padula3.jpeg","thumbnail_image_url":"https:\/\/padulasacra.it\/wp-content\/uploads\/2023\/08\/battistero_San_Giovanni_Padula3-250x250.jpeg","large_srcset":"https:\/\/padulasacra.it\/wp-content\/uploads\/2023\/08\/battistero_San_Giovanni_Padula3.jpeg 1024w, https:\/\/padulasacra.it\/wp-content\/uploads\/2023\/08\/battistero_San_Giovanni_Padula3-450x288.jpeg 450w, https:\/\/padulasacra.it\/wp-content\/uploads\/2023\/08\/battistero_San_Giovanni_Padula3-768x491.jpeg 768w","medium_srcset":"https:\/\/padulasacra.it\/wp-content\/uploads\/2023\/08\/battistero_San_Giovanni_Padula3-450x288.jpeg 450w, https:\/\/padulasacra.it\/wp-content\/uploads\/2023\/08\/battistero_San_Giovanni_Padula3-768x491.jpeg 768w, https:\/\/padulasacra.it\/wp-content\/uploads\/2023\/08\/battistero_San_Giovanni_Padula3.jpeg 1024w","media_details":{"width":1024,"height":655,"sizes":{"medium":{"file":"battistero_San_Giovanni_Padula3-450x288.jpeg","width":450,"height":288,"mime-type":"image\/jpeg","filesize":39841,"source_url":"https:\/\/padulasacra.it\/wp-content\/uploads\/2023\/08\/battistero_San_Giovanni_Padula3-450x288.jpeg"},"thumbnail":{"file":"battistero_San_Giovanni_Padula3-250x250.jpeg","width":250,"height":250,"mime-type":"image\/jpeg","filesize":21099,"source_url":"https:\/\/padulasacra.it\/wp-content\/uploads\/2023\/08\/battistero_San_Giovanni_Padula3-250x250.jpeg"},"medium_large":{"file":"battistero_San_Giovanni_Padula3-768x491.jpeg","width":768,"height":491,"mime-type":"image\/jpeg","filesize":114610,"source_url":"https:\/\/padulasacra.it\/wp-content\/uploads\/2023\/08\/battistero_San_Giovanni_Padula3-768x491.jpeg"}}},"alt_text":"","url":"","target":""},{"id":843,"title":"battistero_San_Giovanni_Padula1","caption":"","full_image_url":"https:\/\/padulasacra.it\/wp-content\/uploads\/2023\/08\/battistero_San_Giovanni_Padula1.jpeg","thumbnail_image_url":"https:\/\/padulasacra.it\/wp-content\/uploads\/2023\/08\/battistero_San_Giovanni_Padula1-250x250.jpeg","large_srcset":"https:\/\/padulasacra.it\/wp-content\/uploads\/2023\/08\/battistero_San_Giovanni_Padula1-1024x571.jpeg 1024w, https:\/\/padulasacra.it\/wp-content\/uploads\/2023\/08\/battistero_San_Giovanni_Padula1-450x251.jpeg 450w, https:\/\/padulasacra.it\/wp-content\/uploads\/2023\/08\/battistero_San_Giovanni_Padula1-768x429.jpeg 768w, https:\/\/padulasacra.it\/wp-content\/uploads\/2023\/08\/battistero_San_Giovanni_Padula1-1536x857.jpeg 1536w, https:\/\/padulasacra.it\/wp-content\/uploads\/2023\/08\/battistero_San_Giovanni_Padula1.jpeg 2000w","medium_srcset":"https:\/\/padulasacra.it\/wp-content\/uploads\/2023\/08\/battistero_San_Giovanni_Padula1-450x251.jpeg 450w, https:\/\/padulasacra.it\/wp-content\/uploads\/2023\/08\/battistero_San_Giovanni_Padula1-1024x571.jpeg 1024w, https:\/\/padulasacra.it\/wp-content\/uploads\/2023\/08\/battistero_San_Giovanni_Padula1-768x429.jpeg 768w, https:\/\/padulasacra.it\/wp-content\/uploads\/2023\/08\/battistero_San_Giovanni_Padula1-1536x857.jpeg 1536w, https:\/\/padulasacra.it\/wp-content\/uploads\/2023\/08\/battistero_San_Giovanni_Padula1.jpeg 2000w","media_details":{"width":2000,"height":1116,"sizes":{"medium":{"file":"battistero_San_Giovanni_Padula1-450x251.jpeg","width":450,"height":251,"mime-type":"image\/jpeg","filesize":48597,"source_url":"https:\/\/padulasacra.it\/wp-content\/uploads\/2023\/08\/battistero_San_Giovanni_Padula1-450x251.jpeg"},"large":{"file":"battistero_San_Giovanni_Padula1-1024x571.jpeg","width":1024,"height":571,"mime-type":"image\/jpeg","filesize":231605,"source_url":"https:\/\/padulasacra.it\/wp-content\/uploads\/2023\/08\/battistero_San_Giovanni_Padula1-1024x571.jpeg"},"thumbnail":{"file":"battistero_San_Giovanni_Padula1-250x250.jpeg","width":250,"height":250,"mime-type":"image\/jpeg","filesize":27684,"source_url":"https:\/\/padulasacra.it\/wp-content\/uploads\/2023\/08\/battistero_San_Giovanni_Padula1-250x250.jpeg"},"medium_large":{"file":"battistero_San_Giovanni_Padula1-768x429.jpeg","width":768,"height":429,"mime-type":"image\/jpeg","filesize":134611,"source_url":"https:\/\/padulasacra.it\/wp-content\/uploads\/2023\/08\/battistero_San_Giovanni_Padula1-768x429.jpeg"},"1536x1536":{"file":"battistero_San_Giovanni_Padula1-1536x857.jpeg","width":1536,"height":857,"mime-type":"image\/jpeg","filesize":481945,"source_url":"https:\/\/padulasacra.it\/wp-content\/uploads\/2023\/08\/battistero_San_Giovanni_Padula1-1536x857.jpeg"}}},"alt_text":"","url":"","target":""},{"id":845,"title":"battistero_San_Giovanni_Padula","caption":"","full_image_url":"https:\/\/padulasacra.it\/wp-content\/uploads\/2023\/08\/battistero_San_Giovanni_Padula.jpeg","thumbnail_image_url":"https:\/\/padulasacra.it\/wp-content\/uploads\/2023\/08\/battistero_San_Giovanni_Padula-250x250.jpeg","large_srcset":"https:\/\/padulasacra.it\/wp-content\/uploads\/2023\/08\/battistero_San_Giovanni_Padula.jpeg 800w, https:\/\/padulasacra.it\/wp-content\/uploads\/2023\/08\/battistero_San_Giovanni_Padula-450x262.jpeg 450w, https:\/\/padulasacra.it\/wp-content\/uploads\/2023\/08\/battistero_San_Giovanni_Padula-768x447.jpeg 768w","medium_srcset":"https:\/\/padulasacra.it\/wp-content\/uploads\/2023\/08\/battistero_San_Giovanni_Padula-450x262.jpeg 450w, https:\/\/padulasacra.it\/wp-content\/uploads\/2023\/08\/battistero_San_Giovanni_Padula-768x447.jpeg 768w, https:\/\/padulasacra.it\/wp-content\/uploads\/2023\/08\/battistero_San_Giovanni_Padula.jpeg 800w","media_details":{"width":800,"height":466,"sizes":{"medium":{"file":"battistero_San_Giovanni_Padula-450x262.jpeg","width":450,"height":262,"mime-type":"image\/jpeg","filesize":47687,"source_url":"https:\/\/padulasacra.it\/wp-content\/uploads\/2023\/08\/battistero_San_Giovanni_Padula-450x262.jpeg"},"thumbnail":{"file":"battistero_San_Giovanni_Padula-250x250.jpeg","width":250,"height":250,"mime-type":"image\/jpeg","filesize":30950,"source_url":"https:\/\/padulasacra.it\/wp-content\/uploads\/2023\/08\/battistero_San_Giovanni_Padula-250x250.jpeg"},"medium_large":{"file":"battistero_San_Giovanni_Padula-768x447.jpeg","width":768,"height":447,"mime-type":"image\/jpeg","filesize":106577,"source_url":"https:\/\/padulasacra.it\/wp-content\/uploads\/2023\/08\/battistero_San_Giovanni_Padula-768x447.jpeg"}}},"alt_text":"","url":"","target":""},{"id":852,"title":"battistero_San_Giovanni_Padula6","caption":"","full_image_url":"https:\/\/padulasacra.it\/wp-content\/uploads\/2023\/09\/battistero_San_Giovanni_Padula6.jpg","thumbnail_image_url":"https:\/\/padulasacra.it\/wp-content\/uploads\/2023\/09\/battistero_San_Giovanni_Padula6-250x250.jpg","large_srcset":"https:\/\/padulasacra.it\/wp-content\/uploads\/2023\/09\/battistero_San_Giovanni_Padula6.jpg 800w, https:\/\/padulasacra.it\/wp-content\/uploads\/2023\/09\/battistero_San_Giovanni_Padula6-450x309.jpg 450w, https:\/\/padulasacra.it\/wp-content\/uploads\/2023\/09\/battistero_San_Giovanni_Padula6-768x528.jpg 768w","medium_srcset":"https:\/\/padulasacra.it\/wp-content\/uploads\/2023\/09\/battistero_San_Giovanni_Padula6-450x309.jpg 450w, https:\/\/padulasacra.it\/wp-content\/uploads\/2023\/09\/battistero_San_Giovanni_Padula6-768x528.jpg 768w, https:\/\/padulasacra.it\/wp-content\/uploads\/2023\/09\/battistero_San_Giovanni_Padula6.jpg 800w","media_details":{"width":800,"height":550,"sizes":{"medium":{"file":"battistero_San_Giovanni_Padula6-450x309.jpg","width":450,"height":309,"mime-type":"image\/jpeg","filesize":41969,"source_url":"https:\/\/padulasacra.it\/wp-content\/uploads\/2023\/09\/battistero_San_Giovanni_Padula6-450x309.jpg"},"thumbnail":{"file":"battistero_San_Giovanni_Padula6-250x250.jpg","width":250,"height":250,"mime-type":"image\/jpeg","filesize":24447,"source_url":"https:\/\/padulasacra.it\/wp-content\/uploads\/2023\/09\/battistero_San_Giovanni_Padula6-250x250.jpg"},"medium_large":{"file":"battistero_San_Giovanni_Padula6-768x528.jpg","width":768,"height":528,"mime-type":"image\/jpeg","filesize":89444,"source_url":"https:\/\/padulasacra.it\/wp-content\/uploads\/2023\/09\/battistero_San_Giovanni_Padula6-768x528.jpg"}}},"alt_text":"","url":"","target":""}]]}},"yoast_head":"<!-- This site is optimized with the Yoast SEO plugin v23.5 - https:\/\/yoast.com\/wordpress\/plugins\/seo\/ -->\n<title>Battistero paleocristiano San Giovanni in fonte - Padula Sacra<\/title>\n<meta name=\"description\" content=\"Visita il Battistero paleocristiano di San Giovanni in fonte a Padula, Salerno. Scopri gli altri punti di interesse in Padula Sacra.\" \/>\n<meta name=\"robots\" content=\"index, follow, max-snippet:-1, max-image-preview:large, max-video-preview:-1\" \/>\n<link rel=\"canonical\" href=\"https:\/\/padulasacra.it\/it\/luoghi\/battistero-paleocristiano-di-san-giovanni-in-fonte\/\" \/>\n<meta property=\"og:locale\" content=\"it_IT\" \/>\n<meta property=\"og:type\" content=\"article\" \/>\n<meta property=\"og:title\" content=\"Battistero paleocristiano San Giovanni in fonte - Padula Sacra\" \/>\n<meta property=\"og:description\" content=\"Visita il Battistero paleocristiano di San Giovanni in fonte a Padula, Salerno. Scopri gli altri punti di interesse in Padula Sacra.\" \/>\n<meta property=\"og:url\" content=\"https:\/\/padulasacra.it\/it\/luoghi\/battistero-paleocristiano-di-san-giovanni-in-fonte\/\" \/>\n<meta property=\"og:site_name\" content=\"Padula Sacra\" \/>\n<meta property=\"article:modified_time\" content=\"2025-02-26T15:02:54+00:00\" \/>\n<meta name=\"twitter:card\" content=\"summary_large_image\" \/>\n<meta name=\"twitter:label1\" content=\"Tempo di lettura stimato\" \/>\n\t<meta name=\"twitter:data1\" content=\"2 minuti\" \/>\n<script type=\"application\/ld+json\" class=\"yoast-schema-graph\">{\"@context\":\"https:\/\/schema.org\",\"@graph\":[{\"@type\":\"WebPage\",\"@id\":\"https:\/\/padulasacra.it\/it\/luoghi\/battistero-paleocristiano-di-san-giovanni-in-fonte\/\",\"url\":\"https:\/\/padulasacra.it\/it\/luoghi\/battistero-paleocristiano-di-san-giovanni-in-fonte\/\",\"name\":\"Battistero paleocristiano San Giovanni in fonte - Padula Sacra\",\"isPartOf\":{\"@id\":\"https:\/\/padulasacra.it\/it\/#website\"},\"datePublished\":\"2023-09-01T07:58:51+00:00\",\"dateModified\":\"2025-02-26T15:02:54+00:00\",\"description\":\"Visita il Battistero paleocristiano di San Giovanni in fonte a Padula, Salerno. Scopri gli altri punti di interesse in Padula Sacra.\",\"breadcrumb\":{\"@id\":\"https:\/\/padulasacra.it\/it\/luoghi\/battistero-paleocristiano-di-san-giovanni-in-fonte\/#breadcrumb\"},\"inLanguage\":\"it-IT\",\"potentialAction\":[{\"@type\":\"ReadAction\",\"target\":[[\"https:\/\/padulasacra.it\/it\/luoghi\/battistero-paleocristiano-di-san-giovanni-in-fonte\/\"]]}]},{\"@type\":\"BreadcrumbList\",\"@id\":\"https:\/\/padulasacra.it\/it\/luoghi\/battistero-paleocristiano-di-san-giovanni-in-fonte\/#breadcrumb\",\"itemListElement\":[{\"@type\":\"ListItem\",\"position\":1,\"name\":\"Home\",\"item\":\"https:\/\/padulasacra.it\/it\/\"},{\"@type\":\"ListItem\",\"position\":2,\"name\":\"Battistero paleocristiano San Giovanni in fonte\"}]},{\"@type\":\"WebSite\",\"@id\":\"https:\/\/padulasacra.it\/it\/#website\",\"url\":\"https:\/\/padulasacra.it\/it\/\",\"name\":\"Padula Sacra\",\"description\":\"Le risorse ecclesiali di Padula, Salerno\",\"potentialAction\":[{\"@type\":\"SearchAction\",\"target\":{\"@type\":\"EntryPoint\",\"urlTemplate\":\"https:\/\/padulasacra.it\/it\/?s={search_term_string}\"},\"query-input\":{\"@type\":\"PropertyValueSpecification\",\"valueRequired\":true,\"valueName\":\"search_term_string\"}}],\"inLanguage\":\"it-IT\"}]}<\/script>\n<!-- \/ Yoast SEO plugin. -->","yoast_head_json":{"title":"Battistero paleocristiano San Giovanni in fonte - Padula Sacra","description":"Visita il Battistero paleocristiano di San Giovanni in fonte a Padula, Salerno. Scopri gli altri punti di interesse in Padula Sacra.","robots":{"index":"index","follow":"follow","max-snippet":"max-snippet:-1","max-image-preview":"max-image-preview:large","max-video-preview":"max-video-preview:-1"},"canonical":"https:\/\/padulasacra.it\/it\/luoghi\/battistero-paleocristiano-di-san-giovanni-in-fonte\/","og_locale":"it_IT","og_type":"article","og_title":"Battistero paleocristiano San Giovanni in fonte - Padula Sacra","og_description":"Visita il Battistero paleocristiano di San Giovanni in fonte a Padula, Salerno. Scopri gli altri punti di interesse in Padula Sacra.","og_url":"https:\/\/padulasacra.it\/it\/luoghi\/battistero-paleocristiano-di-san-giovanni-in-fonte\/","og_site_name":"Padula Sacra","article_modified_time":"2025-02-26T15:02:54+00:00","twitter_card":"summary_large_image","twitter_misc":{"Tempo di lettura stimato":"2 minuti"},"schema":{"@context":"https:\/\/schema.org","@graph":[{"@type":"WebPage","@id":"https:\/\/padulasacra.it\/it\/luoghi\/battistero-paleocristiano-di-san-giovanni-in-fonte\/","url":"https:\/\/padulasacra.it\/it\/luoghi\/battistero-paleocristiano-di-san-giovanni-in-fonte\/","name":"Battistero paleocristiano San Giovanni in fonte - Padula Sacra","isPartOf":{"@id":"https:\/\/padulasacra.it\/it\/#website"},"datePublished":"2023-09-01T07:58:51+00:00","dateModified":"2025-02-26T15:02:54+00:00","description":"Visita il Battistero paleocristiano di San Giovanni in fonte a Padula, Salerno. Scopri gli altri punti di interesse in Padula Sacra.","breadcrumb":{"@id":"https:\/\/padulasacra.it\/it\/luoghi\/battistero-paleocristiano-di-san-giovanni-in-fonte\/#breadcrumb"},"inLanguage":"it-IT","potentialAction":[{"@type":"ReadAction","target":[["https:\/\/padulasacra.it\/it\/luoghi\/battistero-paleocristiano-di-san-giovanni-in-fonte\/"]]}]},{"@type":"BreadcrumbList","@id":"https:\/\/padulasacra.it\/it\/luoghi\/battistero-paleocristiano-di-san-giovanni-in-fonte\/#breadcrumb","itemListElement":[{"@type":"ListItem","position":1,"name":"Home","item":"https:\/\/padulasacra.it\/it\/"},{"@type":"ListItem","position":2,"name":"Battistero paleocristiano San Giovanni in fonte"}]},{"@type":"WebSite","@id":"https:\/\/padulasacra.it\/it\/#website","url":"https:\/\/padulasacra.it\/it\/","name":"Padula Sacra","description":"Le risorse ecclesiali di Padula, Salerno","potentialAction":[{"@type":"SearchAction","target":{"@type":"EntryPoint","urlTemplate":"https:\/\/padulasacra.it\/it\/?s={search_term_string}"},"query-input":{"@type":"PropertyValueSpecification","valueRequired":true,"valueName":"search_term_string"}}],"inLanguage":"it-IT"}]}},"_links":{"self":[{"href":"https:\/\/padulasacra.it\/it\/wp-json\/wp\/v2\/place\/838"}],"collection":[{"href":"https:\/\/padulasacra.it\/it\/wp-json\/wp\/v2\/place"}],"about":[{"href":"https:\/\/padulasacra.it\/it\/wp-json\/wp\/v2\/types\/place"}],"version-history":[{"count":9,"href":"https:\/\/padulasacra.it\/it\/wp-json\/wp\/v2\/place\/838\/revisions"}],"predecessor-version":[{"id":1460,"href":"https:\/\/padulasacra.it\/it\/wp-json\/wp\/v2\/place\/838\/revisions\/1460"}],"wp:attachment":[{"href":"https:\/\/padulasacra.it\/it\/wp-json\/wp\/v2\/media?parent=838"}],"curies":[{"name":"wp","href":"https:\/\/api.w.org\/{rel}","templated":true}]}}